{"id":8414,"date":"2025-03-14T16:54:47","date_gmt":"2025-03-14T15:54:47","guid":{"rendered":"https:\/\/www.skk-soest.de\/?page_id=8414"},"modified":"2025-06-16T14:06:41","modified_gmt":"2025-06-16T12:06:41","slug":"westfarbe-vi-friedhelm-falke","status":"publish","type":"page","link":"https:\/\/www.skk-soest.de\/en\/westfarbe-vi\/westfarbe-vi-friedhelm-falke\/","title":{"rendered":"FRIEDHELM FALKE"},"content":{"rendered":"\n<p>Friedhelm Falkes Malerei erschlie\u00dft sich unmittelbar aus der Betrachtung. Es gibt keine Symbole, Zeichen oder Verweise auf andere Inhalte au\u00dferhalb der Malerei.<\/p>\n\n\n\n<p>Die Mehrzahl seiner Bilder sind konzentriert auf wenige Farben und ihre Modulationen. Bild\u00fcbergreifend sind es besonders die Randzonen, Grenzen, \u00dcberschneidungen, Transparenzen oder die unterschiedliche Konsistenz von Farbe, die den Maler interessieren.<\/p>\n\n\n\n<p>In der Werkreihe der \u201aKontext Bilder\u2018 werden abstrakte, gegenstandfreie Bilder in Beziehung zu einer kleinen gegenst\u00e4ndlichen Malerei gesetzt. Mit diesen \u201eKontext Arbeiten\u201c erweitert sich die Bildsprache des in K\u00f6ln lebenden K\u00fcnstlers. Hier wirken die gr\u00f6\u00dferen geometrischen Farbfl\u00e4chen wie das Echo aus einem Klang von Farbe, Form und Fl\u00e4che auf die Essenz der kleinen Bildtafeln. Und beides erzeugt ein Neues, einen synergistischen Klang unterschiedlicher Sprachen.<\/p>\n\n\n\n<p>Der Begriff Kontext \u2013 Zusammenhang, in dem bestimmte Dinge, stehen oder betrachtet werden m\u00fcssen \u2013 beschreibt umfassend die Intention der Malerei von Friedhelm Falke.<\/p>\n\n\n\n<p>Der Maler sieht \u201eein Bild immer auch als Projektionsfl\u00e4che des Betrachters, als einen Spiegel oder emotionalen Raum, in der die Denkweise sowohl des Betrachters als auch des Malers sichtbar wird\u201c (F. Falke).<\/p>\n\n\n\n<p>In diesem Zusammenhang ist die Sicht des K\u00fcnstlers erhellend, dass man Malerei vielleicht als vorbegriffliches Denken und Handeln bezeichnen kann.<\/p>\n\n\n\n<p><a href=\"http:\/\/www.friedhelmfalke.de\">www.friedhelmfalke.de<\/a><\/p>\n\n\n\n<p>Kontext Granatapfel\/Ocker_Engl. Rot 1, 2022 &#8211; Zweiteilig<br>Acryl auf Nessel und<br>Tempera\/Harz\u00f6lfarbe auf Holz<br>80 x 60 und 13 x 18 cm<\/p>\n","protected":false},"excerpt":{"rendered":"<p>Friedhelm Falkes Malerei erschlie\u00dft sich unmittelbar aus der Betrachtung. Es gibt keine Symbole, Zeichen oder Verweise auf andere Inhalte au\u00dferhalb der Malerei. Die Mehrzahl seiner Bilder sind konzentriert auf wenige&#8230; <\/p>\n<div class=\"link-more\"><a href=\"https:\/\/www.skk-soest.de\/en\/westfarbe-vi\/westfarbe-vi-friedhelm-falke\/\">Read More<\/a><\/div>\n","protected":false},"author":1,"featured_media":0,"parent":26613,"menu_order":0,"comment_status":"closed","ping_status":"closed","template":"","meta":{"ngg_post_thumbnail":0,"footnotes":""},"class_list":["post-8414","page","type-page","status-publish","hentry"],"translation":{"provider":"WPGlobus","version":"3.0.2","language":"en","enabled_languages":["de","en"],"languages":{"de":{"title":true,"content":true,"excerpt":false},"en":{"title":false,"content":false,"excerpt":false}}},"_links":{"self":[{"href":"https:\/\/www.skk-soest.de\/en\/wp-json\/wp\/v2\/pages\/8414","targetHints":{"allow":["GET"]}}],"collection":[{"href":"https:\/\/www.skk-soest.de\/en\/wp-json\/wp\/v2\/pages"}],"about":[{"href":"https:\/\/www.skk-soest.de\/en\/wp-json\/wp\/v2\/types\/page"}],"author":[{"embeddable":true,"href":"https:\/\/www.skk-soest.de\/en\/wp-json\/wp\/v2\/users\/1"}],"replies":[{"embeddable":true,"href":"https:\/\/www.skk-soest.de\/en\/wp-json\/wp\/v2\/comments?post=8414"}],"version-history":[{"count":3,"href":"https:\/\/www.skk-soest.de\/en\/wp-json\/wp\/v2\/pages\/8414\/revisions"}],"predecessor-version":[{"id":8607,"href":"https:\/\/www.skk-soest.de\/en\/wp-json\/wp\/v2\/pages\/8414\/revisions\/8607"}],"up":[{"embeddable":true,"href":"https:\/\/www.skk-soest.de\/en\/wp-json\/wp\/v2\/pages\/26613"}],"wp:attachment":[{"href":"https:\/\/www.skk-soest.de\/en\/wp-json\/wp\/v2\/media?parent=8414"}],"curies":[{"name":"wp","href":"https:\/\/api.w.org\/{rel}","templated":true}]}}